{"id":3,"date":"2024-04-12T21:29:24","date_gmt":"2024-04-12T19:29:24","guid":{"rendered":"https:\/\/www.farmaciadelpasseig.com\/?page_id=3"},"modified":"2025-02-20T11:08:07","modified_gmt":"2025-02-20T10:08:07","slug":"politica-privacidad","status":"publish","type":"page","link":"https:\/\/www.farmaciadelpasseig.com\/?page_id=3","title":{"rendered":"Pol\u00edtica de privacitat"},"content":{"rendered":"<p>CAT<\/p>\n<p><strong>Pol\u00edtica de <\/strong><strong>privacitat<\/strong><\/p>\n<p>Versi\u00f3:&nbsp; 30\/01\/2025<\/p>\n<\/p>\n<p>MIREIA CORBALAN PRAT&nbsp; i ROLESTOR, SL, (en endavant FARM\u00c0CIA DEL PASSEIG) es comprometen a protegir la privacitat dels usuaris que accedeixin a aquesta web i\/o qualsevol dels seus serveis. La utilitzaci\u00f3 de la web i\/o de qualsevol dels serveis oferts per FARM\u00c0CIA DEL PASSEIG implica l&#8217;acceptaci\u00f3 per l&#8217;usuari de les disposicions contingudes en la present Pol\u00edtica de Privacitat i que les seves dades personals siguin tractades segons s&#8217;estipula en ella. Si us plau, tingui en compte que tot i que hi pugui haver enlla\u00e7os de la nostra web a d\u2019altres webs, aquesta Pol\u00edtica de Privacitat no s&#8217;aplica a les webs d&#8217;altres companyies o organitzacions a les que la web estigui redirigida. FARM\u00c0CIA DEL PASSEIG no controla el contingut de les webs de tercers ni accepta qualsevol responsabilitat pel contingut o les pol\u00edtiques de privacitat d&#8217;aquestes webs.<\/p>\n<\/p>\n<p><strong>Informaci\u00f3 sobre el tractament de dades (Reglament (UE) 2016\/679 i LO 3\/2018)<\/strong><\/p>\n<table width=\"643\">\n<tbody>\n<tr>\n<td width=\"151\">\n<p>Responsable del tractament<\/p>\n<\/td>\n<td width=\"491\">\n<p>&#8211; MIREIA CORBALAN PRAT&nbsp; &#8211; NIF: 40339374L.<\/p>\n<p>&#8211; &nbsp;ROLESTOR SL &#8211; NIF: B55205934<\/p>\n<p>Passeig de Catalunya, 21&nbsp; 17257&nbsp; TORROELLA DE MONTGRI<\/p>\n<p>Email: info@farmaciadelpasseig.com<\/p>\n<\/td>\n<\/tr>\n<tr>\n<td width=\"151\">\n<p>Finalitat del tractament<\/p>\n<\/td>\n<td width=\"491\">\n<p>Oferir i gestionar els nostres serveis d&#8217;oficina de farm\u00e0cia, ortop\u00e8dia i parafarm\u00e0cia.<\/p>\n<\/td>\n<\/tr>\n<tr>\n<td width=\"151\">\n<p>Legitimaci\u00f3<\/p>\n<\/td>\n<td width=\"491\">\n<p>Consentiment obtingut de l\u2019interessat.<\/p>\n<p>Execuci\u00f3 del contracte de serveis.<\/p>\n<\/td>\n<\/tr>\n<tr>\n<td width=\"151\">\n<p>Destinataris<\/p>\n<\/td>\n<td width=\"491\">\n<p>Les dades no seran comunicades a tercers, llevat que ho exigeixi una llei o sigui necessari per complir amb la finalitat del tractament.<\/p>\n<\/td>\n<\/tr>\n<tr>\n<td width=\"151\">\n<p>Drets de les persones<\/p>\n<\/td>\n<td width=\"491\">\n<p>Els interessats tenen dret a exercir els drets d\u2019acc\u00e9s, rectificaci\u00f3, limitaci\u00f3 de tractament, supressi\u00f3, portabilitat i oposici\u00f3, enviant la seva sol\u00b7licitud a la nostra l\u2019adre\u00e7a.<\/p>\n<\/td>\n<\/tr>\n<tr>\n<td width=\"151\">\n<p>Termini de conservaci\u00f3 de les dades<\/p>\n<\/td>\n<td width=\"491\">\n<p>Mentre es mantingui la relaci\u00f3 comercial o durant els anys necessaris per complir amb les obligacions legals.<\/p>\n<\/td>\n<\/tr>\n<tr>\n<td width=\"151\">\n<p>Reclamaci\u00f3<\/p>\n<\/td>\n<td width=\"491\">\n<p>Els interessats es poden dirigir a l\u2019AEPD per presentar la reclamaci\u00f3 que consideri oportuna.<\/p>\n<\/td>\n<\/tr>\n<tr>\n<td width=\"151\">\n<p>Informaci\u00f3 addicional<\/p>\n<\/td>\n<td width=\"491\">\n<p>Pot consultar la informaci\u00f3 addicional i detallada a continuaci\u00f3 a les &#8220;Q\u00fcestions sobre privacitat&#8221;.<\/p>\n<\/td>\n<\/tr>\n<\/tbody>\n<\/table>\n<p><strong><u>Q\u00fcestions sobre privacitat<\/u><\/strong><\/p>\n<p>En compliment del Reglament (UE) 2016\/679 del Parlament Europeu i del Consell, de 27 d&#8217;abril de 2016, (RGPD) i la Llei Org\u00e0nica 3\/2018, de 5 de desembre, de Protecci\u00f3 de Dades Personals i garantia dels drets digitals (LOPDGDD), li oferim la seg\u00fcent informaci\u00f3 sobre el tractament de les seves dades personals:<\/p>\n<\/p>\n<p><strong>Qui \u00e9s el responsable del tractament de les seves dades?<\/strong><\/p>\n<p><strong>&nbsp;<\/strong><\/p>\n<ul>\n<li><strong>Serveis d&#8217;oficina de farm\u00e0cia<\/strong><\/li>\n<\/ul>\n<p>Identitat: MIREIA CORBALAN PRAT<\/p>\n<p>NIF: 40339374L<\/p>\n<p>Adre\u00e7a: Passeig de Catalunya, 21&nbsp; 17257&nbsp; TORROELLA DE MONTGRI<\/p>\n<p>Tel.: 972760149<\/p>\n<p>Email: info@farmaciadelpasseig.com<\/p>\n<\/p>\n<ul>\n<li><strong>Serveis d&#8217;o<\/strong><strong>rtop\u00e8dia i parafarm\u00e0cia<\/strong><\/li>\n<\/ul>\n<p>Identitat: ROLESTOR SL<\/p>\n<p>NIF: B55205934<\/p>\n<p>Adre\u00e7a: Passeig Catalunya, 26&nbsp; 17257&nbsp; Torroella de Montgr\u00ed<\/p>\n<p>Tel.: 972760149<\/p>\n<p>Email: info@farmaciadelpasseig.com<\/p>\n<p><strong>&nbsp;<\/strong><\/p>\n<p><strong>Amb quina finalitat tractem les seves dades personals?<\/strong><\/p>\n<p><strong>&nbsp;<\/strong>Tractem la informaci\u00f3 que se\u2019ns facilita per gestionar els nostres serveis d&#8217;oficina de farm\u00e0cia:<\/p>\n<ol>\n<li>Dispensaci\u00f3 de medicaments per venda tradicional i pel sistema de recepta electr\u00f2nica.<\/li>\n<li>Serveis de SPD (Sistema Personalitzat de Dosificaci\u00f3).<\/li>\n<li>Conservaci\u00f3 i administraci\u00f3 del llibre receptari i el d&#8217;estupefaents.<\/li>\n<li>Prestaci\u00f3 d&#8217;altres serveis de car\u00e0cter sanitari a l&#8217;oficina de farm\u00e0cia, com poden ser:\n<ul>\n<li>Assessorament en nutrici\u00f3: h\u00e0bits diet\u00e8tics saludables, prevenci\u00f3 de malalties associades com la diabetis i hipertensi\u00f3.<\/li>\n<li>Gesti\u00f3 d&#8217;an\u00e0lisi bioqu\u00edmics: colesterol, triglic\u00e8rids, glucosa, &#8230;<\/li>\n<li>Mesura de la tensi\u00f3 arterial.<\/li>\n<li>Control de pes.<\/li>\n<li>Venda i assessorament de material d&#8217;ortop\u00e8dia.<\/li>\n<li>Revisi\u00f3 de l&#8217;\u00fas de la medicaci\u00f3.<\/li>\n<li>abandonament del tabac.<\/li>\n<li>Seguiment farmacoterap\u00e8utic.<\/li>\n<\/ul>\n<\/li>\n<\/ol>\n<ul>\n<li>Tamb\u00e9 podem tractar les dades dels nostres clients per a la venda de productes que no s\u00f3n medicaments, com poden ser cosm\u00e8tics, productes d\u2019higiene o similars.<\/li>\n<li>Les dades tamb\u00e9 es fan servir per l\u2019elaboraci\u00f3 dels documents oficials (tiquet, factura, &#8230;), la gesti\u00f3 del cobrament de les vendes realitzades i altres obligacions necess\u00e0ries per complir amb la normativa tribut\u00e0ria.<\/li>\n<li>En el cas que es posi en contacte amb nosaltres mitjan\u00e7ant el formulari de contacte de la nostra p\u00e0gina web, les tractarem per gestionar la seva consulta.<\/li>\n<li>Si ens d\u00f3na el seu consentiment tamb\u00e9 podrem tractar les seves dades per enviar-li informaci\u00f3 sobre les nostres activitats, productes o serveis.<\/li>\n<li>Al accedir a les nostres instal\u00b7lacions la seva imatge pot ser enregistrada mitjan\u00e7ant c\u00e0meres de videovigil\u00e0ncia amb finalitats de control de seguretat.<\/li>\n<li>Si ens envia un curr\u00edculum, tractarem les dades amb la finalitat de gestionar la base de CV&#8217;s per a la selecci\u00f3 de personal.<\/li>\n<\/ul>\n<p><strong>&nbsp;<\/strong><\/p>\n<p><strong style=\"font-style: inherit; color: var( --e-global-color-text ); font-family: var( --e-global-typography-text-font-family ), Sans-serif; text-align: var(--text-align); background-color: var(--ast-global-color-5);\">Per quant de temps conservarem les seves dades?<\/strong><\/p>\n<ul>\n<li>Les dades personals proporcionades es conservaran mentre sigui usuari dels nostres serveis o en vulgui rebre informaci\u00f3, at\u00e8s que pot oposar-se al tractament de les seves dades amb fins promocionals en qualsevol moment, comunicant-nos-ho al correu <a href=\"mailto:info@farmaciadelpasseig.com\">info@farmaciadelpasseig.com<\/a>, i&nbsp; despr\u00e9s, durant el terminis establerts per complir amb les nostres obligacions legals, que en el cas documentaci\u00f3 comptable i fiscal a efectes mercantils seran 6 anys, de conformitat amb l&#8217;Art. 30 del Codi Comer\u00e7, i als efectes fiscals seran 4 anys, d&#8217;acord amb els articles 66 a 70 de la Llei General Tribut\u00e0ria.<\/li>\n<li>Les imatges captades pel sistema de videovigil\u00e0ncia es conservaran durant un mes.<\/li>\n<li>En el cas dels curr\u00edculums les dades es conservaran durant un any.<\/li>\n<\/ul>\n<p><strong>&nbsp;<\/strong><\/p>\n<p><strong>Quina \u00e9s la legitimaci\u00f3 per al tractament de les seves dades?<\/strong><\/p>\n<p>La legitimaci\u00f3 per tractar-les es troba en l\u2019execuci\u00f3 del contracte de serveis i en els consentiments que ens d\u00f3na.<\/p>\n<p>FARM\u00c0CIA DEL PASSEIG adverteix l&#8217;usuari que, llevat l&#8217;exist\u00e8ncia d&#8217;una representaci\u00f3 legalment constitu\u00efda, cap usuari pot utilitzar la identitat d&#8217;una altra persona i comunicar les seves dades personals, de manera que l&#8217;usuari en tot moment haur\u00e0 de tenir en compte que, si utilitza el correu electr\u00f2nic , nom\u00e9s pot incloure dades personals corresponents a la seva pr\u00f2pia identitat que siguin adequades, pertinents, actuals, exactes i veritables. De conformitat amb l&#8217;article 5.1.d) del RGPD i l&#8217;art. 4 de la LOPDGDD, s\u2019informa a&nbsp; l&#8217;usuari que ell ser\u00e0 l&#8217;\u00fanic responsable davant de qualsevol dany, directe i\/o indirecte que causi a tercers o a FARM\u00c0CIA DEL PASSEIG per l&#8217;\u00fas de dades personals d&#8217;una altra persona, o de les seves pr\u00f2pies dades personals quan siguin falses, err\u00f2nies, no actuals, inadequades o impertinents. Igualment l&#8217;usuari que comuniqui les dades personals d&#8217;un tercer, respondr\u00e0 davant aquest de l&#8217;obligaci\u00f3 d&#8217;informaci\u00f3 establerta a l&#8217;article 14 del RGPD&nbsp; i l\u2019art. 11 de la LOPDGDD, pels casos en que les dades de car\u00e0cter personal no hagin estat recollides del propi interessat, i ser\u00e0 responsable de les conseq\u00fc\u00e8ncies de no haver-li informat.<\/p>\n<\/p>\n<p>Si l&#8217;usuari \u00e9s menor de divuit (18) anys o incapa\u00e7, FARM\u00c0CIA DEL PASSEIG l\u2019adverteix de la necessitat de comptar amb el consentiment dels seus pares, tutors o representants legals per a la comunicaci\u00f3 de les seves dades personals a FARM\u00c0CIA DEL PASSEIG, de manera que FARM\u00c0CIA DEL PASSEIG prega als menors d\u2019edat que s&#8217;abstinguin d&#8217;utilitzar el servei de correu electr\u00f2nic i que no es registrin en cap servei o aplicaci\u00f3 de FARM\u00c0CIA DEL PASSEIG. L\u2019\u00fas dels serveis d&#8217;aquest lloc queda prohibit a menors de divuit (18) anys i a incapa\u00e7os que no estiguin legalment representats d&#8217;acord amb les lleis vigents, sense que FARM\u00c0CIA DEL PASSEIG sigui responsable de les actuacions del menors o incapa\u00e7os no representants legalment.<\/p>\n<p>Pel que fa a la captaci\u00f3 d&#8217;imatges pel sistema de videovigil\u00e0ncia, la legitimaci\u00f3 ve donada per l&#8217;inter\u00e8s leg\u00edtim de preservar la seguretat de les persones i b\u00e9ns.<\/p>\n<p><strong>&nbsp;<\/strong><strong style=\"font-style: inherit; color: var( --e-global-color-text ); font-family: var( --e-global-typography-text-font-family ), Sans-serif; text-align: var(--text-align); background-color: var(--ast-global-color-5);\">A quins destinataris es comunicaran les seves dades?<\/strong><\/p>\n<p>Les dades no seran comunicades a tercers, llevat que ho exigeixi una llei o sigui necessari per complir amb la finalitat del tractament.<\/p>\n<\/p>\n<p><strong>Quins s\u00f3n els seus drets quan ens facilita les seves dades?<\/strong><\/p>\n<ul>\n<li>Qualsevol persona t\u00e9 dret a obtenir confirmaci\u00f3 sobre si estem tractant o no les seves dades personals.<\/li>\n<li>Les persones interessades tenen dret a accedir a les seves dades personals, aix\u00ed com a sol\u00b7licitar la rectificaci\u00f3 de les dades inexactes o, si escau, sol\u00b7licitar la seva supressi\u00f3 quan, entre d&#8217;altres motius, les dades ja no siguin necess\u00e0ries per a les finalitats per a les que es van recollir.<\/li>\n<li>En determinades circumst\u00e0ncies els interessats podran sol\u00b7licitar la limitaci\u00f3 del tractament de les seves dades, en aquest cas \u00fanicament les conservarem per a l&#8217;exercici o la defensa de reclamacions.<\/li>\n<li>Tamb\u00e9, en determinades circumst\u00e0ncies i per motius relacionats amb la seva situaci\u00f3 particular, els interessats es poden oposar al tractament de les seves dades. En aquest cas deixarem de tractar-les, excepte per motius leg\u00edtims imperiosos o per a l&#8217;exercici o la defensa de possibles reclamacions.<\/li>\n<li>Els interessats tamb\u00e9 tenen dret a la portabilitat de les seves dades.<\/li>\n<li>Qualsevol interessat t\u00e9 dret a no ser objecte d&#8217;una decisi\u00f3 basada \u00fanicament en el tractament automatitzat, inclosa l&#8217;elaboraci\u00f3 de perfils, que produeixi efectes jur\u00eddics que l\u2019afectin o que l\u2019afectin significativament de manera similar.<\/li>\n<li>Finalment, els interessats tenen dret a presentar una reclamaci\u00f3 davant l&#8217;Autoritat de Control competent.<\/li>\n<\/ul>\n<p><strong>Com pot exercir els seus drets? <\/strong><\/p>\n<p>Enviant-nos un escrit adjuntant una c\u00f2pia d\u2019un document que l\u2019identifiqui, a la nostra adre\u00e7a f\u00edsica o a l\u2019electr\u00f2nica.<\/p>\n<\/p>\n<p><strong>Com hem obtingut les seves dades?<\/strong><\/p>\n<p>Les dades personals que tractem procedeixen del propi interessat, qui garanteix que les dades personals facilitades s\u00f3n certes i es fa responsable de comunicar-ne qualsevol modificaci\u00f3. Les dades que estiguin marcades amb un asterisc s\u00f3n obligat\u00f2ries per poder donar-li el servei sol\u00b7licitat.<\/p>\n<\/p>\n<p><strong>Quines dades tractem?<\/strong><\/p>\n<p>Les categories de dades que&nbsp; podem tractar s\u00f3n:<\/p>\n<ul>\n<li>Dades de car\u00e0cter identificatiu<\/li>\n<li>Adreces postals o electr\u00f2niques<\/li>\n<li>Dades de salut<\/li>\n<li>Dades econ\u00f2miques relacionades amb el pagament de serveis<\/li>\n<\/ul>\n<p>En el cas del sistema de videovigil\u00e0ncia:<\/p>\n<ul>\n<li>Imatge<\/li>\n<\/ul>\n<p>En el cas dels curr\u00edculums, tamb\u00e9:<\/p>\n<ul>\n<li>Caracter\u00edstiques personals<\/li>\n<li>Acad\u00e8miques i professional<\/li>\n<\/ul>\n<p>Les dades s\u00f3n limitades, at\u00e8s que \u00fanicament tractem les dades necess\u00e0ries per a la prestaci\u00f3 dels nostres serveis i la gesti\u00f3 de la nostra activitat.<\/p>\n<\/p>\n<p><strong>Utilitzem cookies?<\/strong><\/p>\n<p>Utilitzem cookies durant la navegaci\u00f3 a la nostra web amb el consentiment de l\u2019usuari.<\/p>\n<p>L&#8217;usuari pot configurar el seu navegador perqu\u00e8 l&#8217;avisi de la utilitzaci\u00f3 de cookies i per evitar-ne el seu \u00fas. Si us plau, visiti la nostra pol\u00edtica de cookies.<\/p>\n<p><strong style=\"font-style: inherit; color: var( --e-global-color-text ); font-family: var( --e-global-typography-text-font-family ), Sans-serif; text-align: var(--text-align); background-color: var(--ast-global-color-5);\">Quines mesures de seguretat apliquem?<\/strong><\/p>\n<p>Apliquem les mesures de seguretat establertes a l&#8217;article 32 del RGPD, per tant hem adoptat les mesures de seguretat necess\u00e0ries per garantir un nivell de seguretat adequat al risc del tractament de dades que realitzem, amb mecanismes que ens permeten garantir la confidencialitat, integritat, disponibilitat i resili\u00e8ncia permanent dels sistemes i serveis de tractament.<\/p>\n<\/p>\n<p>Algunes d\u2019aquestes mesures s\u00f3n:<\/p>\n<ul>\n<li>Informaci\u00f3 de les pol\u00edtiques de tractament de dades al personal.<\/li>\n<li>Realitzaci\u00f3 de c\u00f2pies de seguretat peri\u00f2diques.<\/li>\n<li>Control d&#8217;acc\u00e9s a les dades.<\/li>\n<li>Processos de verificaci\u00f3, avaluaci\u00f3 i valoraci\u00f3 regulars.<\/li>\n<\/ul>\n<p><strong>Com tractem les dades a les xarxes socials?<\/strong><\/p>\n<p>FARM\u00c0CIA DEL PASSEIG t\u00e9 perfils en xarxes socials. L\u2019interessat pot seguir-nos i fer-se fan de FARM\u00c0CIA DEL PASSEIG a les xarxes socials que fem servir i que pot trobar en el nostre lloc web.<\/p>\n<\/p>\n<p>Els nostres llocs i p\u00e0gines oficials en xarxes socials estan dirigits a majors de 18 anys, de manera que si l\u2019interessat vol&nbsp; formar-hi part ha de ser major de 18 anys i llegir atentament les condicions i pol\u00edtiques publicades per FARM\u00c0CIA DEL PASSEIG.<\/p>\n<\/p>\n<p>Si l&#8217;usuari es fa seguidor dels llocs i les p\u00e0gines oficials de FARM\u00c0CIA DEL PASSEIG, haur\u00e0 de respectar les condicions espec\u00edfiques previstes i publicades en cada lloc o p\u00e0gina oficial pel prove\u00efdor i titular de la xarxa social i les publicades per FARM\u00c0CIA DEL PASSEIG. El fet d&#8217;esdevenir &#8220;amic&#8221; o &#8220;seguidor&#8221; dels nostres llocs i p\u00e0gines oficials en xarxes socials implica que l&#8217;usuari dona el seu consentiment per al tractament de les seves dades segons el que estableixen les pol\u00edtiques i condicions que en cada cas regulen el seu \u00fas.<\/p>\n<\/p>\n<p>Quan l&#8217;usuari es fa amic o seguidor dels nostres llocs i p\u00e0gines oficials en xarxes socials, les seves dades personals seran tractades amb la finalitat d&#8217;administrar correctament el lloc o la p\u00e0gina oficial, con\u00e8ixer les seves opinions i\/o comentaris, aix\u00ed com informar-li i fer-li part\u00edcip de les activitats&nbsp; que FARM\u00c0CIA DEL PASSEIG realitzi per aquets mitjans de comunicaci\u00f3.<\/p>\n<\/p>\n<p>En qualsevol cas, l&#8217;usuari queda informat que FARM\u00c0CIA DEL PASSEIG podr\u00e0 eliminar dels seus llocs i p\u00e0gines oficials a les xarxes socials qualsevol informaci\u00f3 que vagi en contra de les normes establertes en les condicions legals del prove\u00efdor o titular de la xarxa social en cada cas, les condicions particulars establertes per FARM\u00c0CIA DEL PASSEIG que regulin els seus llocs i p\u00e0gines oficials, aix\u00ed com en contra del que preveu la llei, la moral i ordre p\u00fablic i\/o en contra dels drets leg\u00edtims de tercers. De la mateixa manera, els titulars o prove\u00efdors de les xarxes socials podran eliminar aquells continguts que, b\u00e9 d&#8217;ofici o b\u00e9 mitjan\u00e7ant den\u00fancia d&#8217;un altre usuari, vagin en contra de les normes o regles de funcionament imposades pel prove\u00efdor o titular de cadascuna de les xarxes.<\/p>\n<\/p>\n<p><strong>&nbsp;<\/strong><\/p>\n<\/p>\n<p>ESP<\/p>\n<p><strong>Pol\u00edtica de privacidad<\/strong><\/p>\n<p>Versi\u00f3n&nbsp; 30\/01\/2025<\/p>\n<\/p>\n<p>MIREIA CORBALAN PRAT Y ROLESTOR, SL, (en adelante FARM\u00c0CIA DEL PASSEIG), se comprometen la privacidad de los usuarios que accedan a esta web y\/o cualquiera de sus servicios. La utilizaci\u00f3n de la web y\/o de cualquiera de los servicios ofrecidos por FARM\u00c0CIA DEL PASSEIG implica la aceptaci\u00f3n por el usuario de las disposiciones contenidas en la presente Pol\u00edtica de Privacidad y que sus datos personales sean tratados seg\u00fan se estipula en ella. Por favor, tenga en cuenta que a pesar de que pueda haber enlaces de nuestra web a otras webs o redes sociales, esta Pol\u00edtica de Privacidad no se aplica a las webs de otras compa\u00f1\u00edas u organizaciones a las que la web est\u00e9 redirigida. FARM\u00c0CIA DEL PASSEIG no controla el contenido de las webs de terceros, ni acepta cualquier responsabilidad por el contenido o las pol\u00edticas de privacidad de estas webs.<\/p>\n<p><strong>&nbsp;<\/strong><strong style=\"font-style: inherit; color: var( --e-global-color-text ); font-family: var( --e-global-typography-text-font-family ), Sans-serif; text-align: var(--text-align); background-color: var(--ast-global-color-5);\">Informaci\u00f3n b\u00e1sica sobre el tratamiento de datos (Reglamento (UE) 2016\/679<\/strong> <strong style=\"font-style: inherit; color: var( --e-global-color-text ); font-family: var( --e-global-typography-text-font-family ), Sans-serif; text-align: var(--text-align); background-color: var(--ast-global-color-5);\">&nbsp;y LO 3\/2018)<\/strong><\/p>\n<table width=\"643\">\n<tbody>\n<tr>\n<td width=\"142\">\n<p>Responsable del tratamiento<\/p>\n<\/td>\n<td width=\"501\">\n<p>&#8211; &nbsp;MIREIA CORBALAN PRAT&nbsp; &#8211; NIF: 40339374L<\/p>\n<p>&#8211; &nbsp;ROLESTOR SL &#8211; NIF: B55205934<\/p>\n<p>Passeig de Catalunya 21.&nbsp; 17257&nbsp; TORROELLA DE MONTGRI<\/p>\n<p>Email: info@farmaciadelpasseig.com<\/p>\n<\/td>\n<\/tr>\n<tr>\n<td width=\"142\">\n<p>Finalidad del tratamiento<\/p>\n<\/td>\n<td width=\"501\">\n<p>Ofrecer y gestionar nuestros servicios de oficina de farmacia, ortopedia y parafarmacia.<\/p>\n<\/td>\n<\/tr>\n<tr>\n<td width=\"142\">\n<p>Legitimaci\u00f3n<\/p>\n<\/td>\n<td width=\"501\">\n<p>Consentimiento obtenido del interesado.<\/p>\n<p>Ejecuci\u00f3n del contrato de servicios.<\/p>\n<\/td>\n<\/tr>\n<tr>\n<td width=\"142\">\n<p>Destinatarios<\/p>\n<\/td>\n<td width=\"501\">\n<p>Los datos no ser\u00e1n comunicados a terceros, salvo que lo exija una Ley o sea necesario para cumplir con la finalidad del tratamiento.<\/p>\n<\/td>\n<\/tr>\n<tr>\n<td width=\"142\">\n<p>Derechos de las personas<\/p>\n<\/td>\n<td width=\"501\">\n<p>Los interesados tienen derecho a ejercer los derechos de acceso, rectificaci\u00f3n, limitaci\u00f3n de tratamiento, supresi\u00f3n, portabilidad y oposici\u00f3n, enviando su solicitud a nuestra direcci\u00f3n.<\/p>\n<\/td>\n<\/tr>\n<tr>\n<td width=\"142\">\n<p>Plazo de conservaci\u00f3n de los datos<\/p>\n<\/td>\n<td width=\"501\">\n<p>Mientras se mantenga la relaci\u00f3n comercial o durante los a\u00f1os necesarios para cumplir con las obligaciones legales.<\/p>\n<\/td>\n<\/tr>\n<tr>\n<td width=\"142\">\n<p>Reclamaci\u00f3n<\/p>\n<\/td>\n<td width=\"501\">\n<p>Los interesados pueden dirigirse a la AEPD para presentar la reclamaci\u00f3n que considere oportuna.<\/p>\n<\/td>\n<\/tr>\n<tr>\n<td width=\"142\">\n<p>Informaci\u00f3n adicional<\/p>\n<\/td>\n<td width=\"501\">\n<p>Puede consultar la informaci\u00f3n adicional y detallada a continuaci\u00f3n en las &#8220;Preguntas sobre privacidad&#8221;.<\/p>\n<\/td>\n<\/tr>\n<\/tbody>\n<\/table>\n<p><strong><u>Preguntas sobre privacidad<\/u><\/strong><\/p>\n<p>En cumplimiento del Reglamento (UE) 2016\/679 del Parlamento Europeo y del Consejo, de 27 de abril de 2016, (RGPD), y la Ley Org\u00e1nica 3\/2018, de 5 de diciembre, de Protecci\u00f3n de Datos Personales y garant\u00eda de los derechos digitales (LOPDGDD le ofrecemos la siguiente informaci\u00f3n sobre el tratamiento de sus datos personales:<\/p>\n<p><strong>&nbsp;<\/strong><strong style=\"font-style: inherit; color: var( --e-global-color-text ); font-family: var( --e-global-typography-text-font-family ), Sans-serif; text-align: var(--text-align); background-color: var(--ast-global-color-5);\">\u00bfQui\u00e9n es el responsable del tratamiento de sus datos?<\/strong><\/p>\n<p>Identidad: MIREIA CORBALAN PRAT<\/p>\n<p>NIF: 40339374L<\/p>\n<p>Direcci\u00f3n: Passeig de Catalunya, 21&nbsp; 17257&nbsp; TORROELLA DE MONTGRI<\/p>\n<p>Tel.: 972760149<\/p>\n<p>Email: info@farmaciadelpasseig.com<\/p>\n<\/p>\n<ul>\n<li><strong>Servicios de ortopedia y parafarmacia <\/strong><\/li>\n<\/ul>\n<p>Identidad: ROLESTOR SL<\/p>\n<p>NIF: B55205934<\/p>\n<p>Direcci\u00f3n: Passeig Catalunya, 26.&nbsp; 17257 Torroella de Montgr\u00ed<\/p>\n<p>Tel.: 972760149<\/p>\n<p>Email: <a href=\"mailto:info@farmaciadelpasseig.com\">info@farmaciadelpasseig.com<\/a><\/p>\n<\/p>\n<p><strong>\u00bfCon qu\u00e9 finalidad tratamos sus datos personales?<\/strong><\/p>\n<ul>\n<li>Tratamos la informaci\u00f3n que se nos facilita para gestionar nuestros servicios de oficina de farmacia:<\/li>\n<\/ul>\n<ol>\n<li>Dispensaci\u00f3n de medicamentos por venta tradicional y por el sistema de receta electr\u00f3nica.<\/li>\n<li>Servicios de SPD (Sistema Personalizado de Dosificaci\u00f3n).<\/li>\n<li>Conservaci\u00f3n y administraci\u00f3n del libro recetario y el de estupefacientes.<\/li>\n<li>Prestaci\u00f3n de otros servicios de car\u00e1cter sanitario en la oficina de farmacia, como pueden ser:\n<ul>\n<li>Asesoramiento en nutrici\u00f3n: h\u00e1bitos diet\u00e9ticos saludables, prevenci\u00f3n de enfermedades asociadas como la diabetes e hipertensi\u00f3n.<\/li>\n<li>Gesti\u00f3n de an\u00e1lisis bioqu\u00edmicos: colesterol, triglic\u00e9ridos, glucosa, &#8230;<\/li>\n<li>Medida de la tensi\u00f3n arterial.<\/li>\n<li>Control de peso.<\/li>\n<li>Venta y asesoramiento de material de ortopedia.<\/li>\n<li>Revisi\u00f3n del uso de la medicaci\u00f3n.<\/li>\n<li>Cesaci\u00f3n tab\u00e1quica.<\/li>\n<li>Seguimiento farmacoterap\u00e9utico.<\/li>\n<\/ul>\n<\/li>\n<\/ol>\n<ul>\n<li>Tambi\u00e9n podemos tratar los datos de nuestros clientes para la venta de productos que no son medicamentos, como pueden ser cosm\u00e9ticos, productos de higiene o similares.<\/li>\n<li>Los datos tambi\u00e9n se utilizan para la elaboraci\u00f3n de los documentos oficiales (ticket, factura, &#8230;), la gesti\u00f3n del cobro de las ventas realizadas y otras obligaciones necesarias para cumplir con la normativa tributaria.<\/li>\n<li>En el caso de que se ponga en contacto con nosotros a trav\u00e9s del formulario de contacto de nuestra p\u00e1gina web, los trataremos para gestionar su consulta.<\/li>\n<li>Si nos da su consentimiento tambi\u00e9n podremos tratar sus datos para enviarle informaci\u00f3n sobre nuestras actividades, productos o servicios.<\/li>\n<li>Al acceder a nuestras instalaciones su imagen puede ser registrada mediante c\u00e1maras de videovigilancia con fines de control de seguridad.<\/li>\n<li>Si nos env\u00eda un curr\u00edculum, trataremos los datos con el fin de gestionar la base de CV &#8216;s para la selecci\u00f3n de personal.<\/li>\n<\/ul>\n<p><strong>&nbsp;<\/strong><strong style=\"font-style: inherit; color: var( --e-global-color-text ); font-family: var( --e-global-typography-text-font-family ), Sans-serif; text-align: var(--text-align); background-color: var(--ast-global-color-5);\">\u00bfCu\u00e1nto tiempo conservaremos sus datos?<\/strong><\/p>\n<ul>\n<li>Los datos personales proporcionados se conservar\u00e1n mientras sea usuario de nuestros servicios o quiera recibir informaci\u00f3n, dado que puede oponerse al tratamiento de sus datos con fines promocionales en cualquier momento, comunic\u00e1ndonoslo al correo <a href=\"mailto:info@farmaciadelpasseig.com\">info@farmaciadelpasseig.com<\/a>, y luego, durante los plazos establecidos para cumplir con nuestras obligaciones legales, que en el caso documentaci\u00f3n contable y fiscal a efectos mercantiles ser\u00e1n 6 a\u00f1os, de conformidad con el Art. 30 del C\u00f3digo Comercio, y a efectos fiscales ser\u00e1n 4 a\u00f1os, de acuerdo con los art\u00edculos 66 a 70 de la Ley General Tributaria.<\/li>\n<li>Las im\u00e1genes captadas por el sistema de videovigilancia se conservar\u00e1n durante un mes.<\/li>\n<li>En el caso de los curr\u00edculums los datos se conservar\u00e1n durante un a\u00f1o.<\/li>\n<\/ul>\n<p><strong>\u00bfCu\u00e1l es la legitimaci\u00f3n para el tratamiento de sus datos?<\/strong><\/p>\n<p>La legitimaci\u00f3n para tratarlos se encuentra en la ejecuci\u00f3n del contrato de servicios y en los consentimientos que nos da.&nbsp;<\/p>\n<p>FARM\u00c0CIA DEL PASSEIG advierte al usuario que, salvo la existencia de una representaci\u00f3n legalmente constituida, ning\u00fan usuario puede utilizar la identidad de otra persona y comunicar sus datos personales, por lo que el usuario en todo momento deber\u00e1 tener en cuenta que, si utiliza el correo electr\u00f3nico, s\u00f3lo puede incluir datos personales correspondientes a su propia identidad y que sean adecuados, pertinentes, actuales, exactos y verdaderos. De conformidad con el art\u00edculo 5.1.d) del RGPD y el art. 4 de la LOPDGDD, se informa al usuario de que \u00e9l ser\u00e1 el \u00fanico responsable ante cualquier da\u00f1o, directo y\/o indirecto que cause a terceros o a FARM\u00c0CIA DEL PASSEIG por el uso de datos personales de otra persona, o de sus propios datos personales cuando sean falsos, err\u00f3neos, no actuales, inadecuados o impertinentes. Igualmente, el usuario que comunique datos personales de un tercero responder\u00e1 ante \u00e9ste de la obligaci\u00f3n de informaci\u00f3n establecida en el art\u00edculo 14 del RGPD y el art. 11 de la LOPDGDD, para los casos en que los datos de car\u00e1cter personal no hayan sido recabados del propio interesado, responsabiliz\u00e1ndose de las consecuencias de no haberle informado.<\/p>\n<p>Si el usuario es menor de dieciocho (18) a\u00f1os o incapaz, FARM\u00c0CIA DEL PASSEIG le advierte de la necesidad de contar con el consentimiento de sus padres tutores o representantes legales para la comunicaci\u00f3n de sus datos personales a FARM\u00c0CIA DEL PASSEIG, por lo que FARM\u00c0CIA DEL PASSEIG ruega a los menores de edad que se abstengan de utilizar el servicio de correo electr\u00f3nico y que no se registren en ning\u00fan servicio o aplicaci\u00f3n de FARM\u00c0CIA DEL PASSEIG. El uso de los servicios de este sitio queda prohibido a menores de dieciocho (18) a\u00f1os y a incapaces que no est\u00e9n legalmente representados de acuerdo con las leyes vigentes, sin que FARM\u00c0CIA DEL PASSEIG sea responsable de las actuaciones de menores o incapaces no representados legalmente.<\/p>\n<p>En cuanto a la a la captaci\u00f3n de im\u00e1genes por el sistema de videovigilancia, la legitimaci\u00f3n viene dada por el inter\u00e9s leg\u00edtimo de preservar la seguridad de las personas y bienes.<\/p>\n<\/p>\n<p><strong>\u00bfA qu\u00e9 destinatarios se comunicar\u00e1n sus datos?<\/strong><\/p>\n<p>Los datos no ser\u00e1n comunicados a terceros, salvo que lo exija una Ley o sea necesario para cumplir con la finalidad del tratamiento.<\/p>\n<\/p>\n<p><strong>\u00bfCu\u00e1les son sus derechos cuando nos facilita sus datos?<\/strong><\/p>\n<ul>\n<li>Cualquier persona tiene derecho a obtener confirmaci\u00f3n sobre si estamos tratando o no sus datos personales.<\/li>\n<li>Los interesados tienen derecho a acceder a sus datos personales, as\u00ed como a solicitar la rectificaci\u00f3n de los datos inexactos o, en su caso, solicitar su supresi\u00f3n cuando, entre otros motivos, los datos ya no sean necesarios para las finalidades para las que se recogieron.<\/li>\n<li>En determinadas circunstancias los interesados podr\u00e1n solicitar la limitaci\u00f3n del tratamiento de sus datos, en este caso \u00fanicamente los conservaremos para el ejercicio o la defensa de reclamaciones.<\/li>\n<li>Tambi\u00e9n, en determinadas circunstancias y por motivos relacionados con su situaci\u00f3n particular, los interesados pueden oponerse al tratamiento de sus datos. En este caso dejaremos de tratar los datos, excepto por motivos leg\u00edtimos imperiosos o para el ejercicio o la defensa de posibles reclamaciones.<\/li>\n<li>Los interesados tambi\u00e9n tienen derecho a la portabilidad de sus datos.<\/li>\n<li>Todo interesado tendr\u00e1 derecho a no ser objeto de una decisi\u00f3n basada \u00fanicamente en el tratamiento automatizado, incluida la elaboraci\u00f3n de perfiles, que produzca efectos jur\u00eddicos en \u00e9l o le afecte significativamente de modo similar.<\/li>\n<li>Finalmente, los interesados tienen derecho a presentar una reclamaci\u00f3n ante la Autoridad de Control competente.<\/li>\n<\/ul>\n<p><strong>\u00bfC\u00f3mo puede ejercer sus derechos?<\/strong><\/p>\n<p>Enviando un escrito adjuntando una copia de un documento que lo identifique, a nuestra direcci\u00f3n f\u00edsica o la electr\u00f3nica.<\/p>\n<p><strong>&nbsp;<\/strong><strong style=\"font-style: inherit; color: var( --e-global-color-text ); font-family: var( --e-global-typography-text-font-family ), Sans-serif; text-align: var(--text-align); background-color: var(--ast-global-color-5);\">\u00bfC\u00f3mo hemos obtenido sus datos?<\/strong><\/p>\n<p>Los datos personales que tratamos proceden del propio interesado. El interesado garantiza que los datos personales facilitados son ciertos y se hace responsable de comunicar cualquier modificaci\u00f3n de estos. Los datos que est\u00e9n marcados con un asterisco ser\u00e1n obligatorios para poder darle el servicio solicitado.<\/p>\n<p><strong>&nbsp;<\/strong><strong style=\"font-style: inherit; color: var( --e-global-color-text ); font-family: var( --e-global-typography-text-font-family ), Sans-serif; text-align: var(--text-align); background-color: var(--ast-global-color-5);\">\u00bfQu\u00e9 datos tratamos?<\/strong><\/p>\n<p>Las categor\u00edas de datos que podemos tratar en la prestaci\u00f3n de nuestros servicios son:<\/p>\n<ul>\n<li>Datos de car\u00e1cter identificativo<\/li>\n<li>Direcciones postales o electr\u00f3nicas<\/li>\n<li>Datos de salud<\/li>\n<li>Datos econ\u00f3micos relacionados con el pago de servicios<\/li>\n<\/ul>\n<p>En el caso del sistema de videovigilancia:<\/p>\n<ul>\n<li>Imagen<\/li>\n<\/ul>\n<p>En el caso de los curr\u00edculos, tambi\u00e9n:<\/p>\n<ul>\n<li>Caracter\u00edsticas personales<\/li>\n<li>Acad\u00e9micos y profesionales<\/li>\n<\/ul>\n<p>Los datos son limitados, dado que \u00fanicamente tratamos los datos necesarios para la prestaci\u00f3n de nuestros servicios y la gesti\u00f3n de nuestra actividad.<\/p>\n<p><strong>&nbsp;<\/strong><strong style=\"font-style: inherit; color: var( --e-global-color-text ); font-family: var( --e-global-typography-text-font-family ), Sans-serif; text-align: var(--text-align); background-color: var(--ast-global-color-5);\">\u00bfUsamos cookies?<\/strong><\/p>\n<p>Utilizamos cookies durante la navegaci\u00f3n en nuestra web con el consentimiento del usuario.<\/p>\n<p>El usuario puede configurar su navegador para ser avisado de la utilizaci\u00f3n de cookies y para evitar su uso. Por favor, visite nuestra pol\u00edtica de cookies.<\/p>\n<\/p>\n<p>&nbsp;<strong>\u00bfQu\u00e9 medidas de seguridad aplicamos?<\/strong><\/p>\n<p>Aplicamos las medidas de seguridad establecidas en el art\u00edculo 32 del RGPD, por tanto, hemos adoptado las medidas de seguridad necesarias para garantizar un nivel de seguridad adecuado al riesgo del tratamiento de datos que realizamos, con mecanismos que nos permiten garantizar la confidencialidad, integridad, disponibilidad y resiliencia permanente de los sistemas y servicios de tratamiento.<\/p>\n<\/p>\n<p>Algunas de estas medidas son:<\/p>\n<ul>\n<li>Informaci\u00f3n de las pol\u00edticas de tratamiento de datos al personal.<\/li>\n<li>Realizaci\u00f3n de copias de seguridad peri\u00f3dicas.<\/li>\n<li>Control de acceso a los datos.<\/li>\n<li>Procesos de verificaci\u00f3n, evaluaci\u00f3n y valoraci\u00f3n regulares.<\/li>\n<\/ul>\n<p><strong>\u00bfComo tratamos los datos en las redes sociales?<\/strong><\/p>\n<p>FARM\u00c0CIA DEL PASSEIG tiene perfiles en redes sociales. El interesado puede seguirnos y hacerse fan de FARM\u00c0CIA DEL PASSEIG en las redes sociales que utilizamos y que puede encontrar en nuestro sitio web.<\/p>\n<\/p>\n<p>Nuestros sitios y p\u00e1ginas oficiales en redes sociales est\u00e1n dirigidos a mayores de 18 a\u00f1os, de modo que, si el interesado quiere formar parte, debe ser mayor de 18 a\u00f1os y leer atentamente las condiciones y pol\u00edticas publicadas por FARM\u00c0CIA DEL PASSEIG.<\/p>\n<\/p>\n<p>Si el usuario se hace seguidor de los sitios y las p\u00e1ginas oficiales de FARM\u00c0CIA DEL PASSEIG, deber\u00e1 respetar las condiciones espec\u00edficas previstas y publicadas en cada sitio o p\u00e1gina oficial por el proveedor y titular de la red social y las publicadas por FARM\u00c0CIA DEL PASSEIG. El hecho de convertirse en &#8220;amigo&#8221; o &#8220;seguidor&#8221; de nuestros sitios y p\u00e1ginas oficiales en redes sociales implica que el usuario da su consentimiento para el tratamiento de sus datos seg\u00fan lo establecido en las pol\u00edticas y condiciones que en cada caso regulan su uso.<\/p>\n<\/p>\n<p>Cuando el usuario se hace amigo o seguidor de nuestros sitios y p\u00e1ginas oficiales en redes sociales, sus datos personales ser\u00e1n tratados con la finalidad de administrar correctamente el sitio o la p\u00e1gina oficial, conocer sus opiniones y\/o comentarios, as\u00ed como informarle y hacerle part\u00edcipe de las actividades que FARM\u00c0CIA DEL PASSEIG realice por estos medios de comunicaci\u00f3n.<\/p>\n<\/p>\n<p>En cualquier caso, el usuario queda informado de que FARM\u00c0CIA DEL PASSEIG podr\u00e1 eliminar de sus sitios y p\u00e1ginas oficiales en las redes sociales, cualquier informaci\u00f3n que vaya en contra de las normas establecidas en las condiciones legales del proveedor o titular de la red social en cada caso, las condiciones particulares establecidas por FARM\u00c0CIA DEL PASSEIG que regulen sus sitios y p\u00e1ginas oficiales, as\u00ed como en contra de lo previsto en la ley, la moral y orden p\u00fablico y\/o en contra de los derechos leg\u00edtimos de terceros. Del mismo modo, los titulares o proveedores de las redes sociales podr\u00e1n eliminar aquellos contenidos que, bien de oficio o bien mediante denuncia de otro usuario, vayan en contra de las normas o reglas de funcionamiento impuestas por el proveedor o titular de cada una de las redes.<\/p><\/p>\n","protected":false},"excerpt":{"rendered":"<p>CAT Pol\u00edtica de privacitat Versi\u00f3:&nbsp; 30\/01\/2025 MIREIA CORBALAN PRAT&nbsp; i ROLESTOR, SL, (en endavant FARM\u00c0CIA DEL PASSEIG) es comprometen a [&hellip;]<\/p>\n","protected":false},"author":1,"featured_media":0,"parent":0,"menu_order":0,"comment_status":"closed","ping_status":"open","template":"","meta":{"site-sidebar-layout":"default","site-content-layout":"","ast-site-content-layout":"","site-content-style":"default","site-sidebar-style":"default","ast-global-header-display":"","ast-banner-title-visibility":"","ast-main-header-display":"","ast-hfb-above-header-display":"","ast-hfb-below-header-display":"","ast-hfb-mobile-header-display":"","site-post-title":"","ast-breadcrumbs-content":"","ast-featured-img":"","footer-sml-layout":"","theme-transparent-header-meta":"","adv-header-id-meta":"","stick-header-meta":"","header-above-stick-meta":"","header-main-stick-meta":"","header-below-stick-meta":"","astra-migrate-meta-layouts":"default","ast-page-background-enabled":"default","ast-page-background-meta":{"desktop":{"background-color":"var(--ast-global-color-4)","background-image":"","background-repeat":"repeat","background-position":"center center","background-size":"auto","background-attachment":"scroll","background-type":"","background-media":"","overlay-type":"","overlay-color":"","overlay-opacity":"","overlay-gradient":""},"tablet":{"background-color":"","background-image":"","background-repeat":"repeat","background-position":"center center","background-size":"auto","background-attachment":"scroll","background-type":"","background-media":"","overlay-type":"","overlay-color":"","overlay-opacity":"","overlay-gradient":""},"mobile":{"background-color":"","background-image":"","background-repeat":"repeat","background-position":"center center","background-size":"auto","background-attachment":"scroll","background-type":"","background-media":"","overlay-type":"","overlay-color":"","overlay-opacity":"","overlay-gradient":""}},"ast-content-background-meta":{"desktop":{"background-color":"var(--ast-global-color-5)","background-image":"","background-repeat":"repeat","background-position":"center center","background-size":"auto","background-attachment":"scroll","background-type":"","background-media":"","overlay-type":"","overlay-color":"","overlay-opacity":"","overlay-gradient":""},"tablet":{"background-color":"var(--ast-global-color-5)","background-image":"","background-repeat":"repeat","background-position":"center center","background-size":"auto","background-attachment":"scroll","background-type":"","background-media":"","overlay-type":"","overlay-color":"","overlay-opacity":"","overlay-gradient":""},"mobile":{"background-color":"var(--ast-global-color-5)","background-image":"","background-repeat":"repeat","background-position":"center center","background-size":"auto","background-attachment":"scroll","background-type":"","background-media":"","overlay-type":"","overlay-color":"","overlay-opacity":"","overlay-gradient":""}},"_joinchat":[],"footnotes":""},"class_list":["post-3","page","type-page","status-publish","hentry"],"_links":{"self":[{"href":"https:\/\/www.farmaciadelpasseig.com\/index.php?rest_route=\/wp\/v2\/pages\/3","targetHints":{"allow":["GET"]}}],"collection":[{"href":"https:\/\/www.farmaciadelpasseig.com\/index.php?rest_route=\/wp\/v2\/pages"}],"about":[{"href":"https:\/\/www.farmaciadelpasseig.com\/index.php?rest_route=\/wp\/v2\/types\/page"}],"author":[{"embeddable":true,"href":"https:\/\/www.farmaciadelpasseig.com\/index.php?rest_route=\/wp\/v2\/users\/1"}],"replies":[{"embeddable":true,"href":"https:\/\/www.farmaciadelpasseig.com\/index.php?rest_route=%2Fwp%2Fv2%2Fcomments&post=3"}],"version-history":[{"count":6,"href":"https:\/\/www.farmaciadelpasseig.com\/index.php?rest_route=\/wp\/v2\/pages\/3\/revisions"}],"predecessor-version":[{"id":333,"href":"https:\/\/www.farmaciadelpasseig.com\/index.php?rest_route=\/wp\/v2\/pages\/3\/revisions\/333"}],"wp:attachment":[{"href":"https:\/\/www.farmaciadelpasseig.com\/index.php?rest_route=%2Fwp%2Fv2%2Fmedia&parent=3"}],"curies":[{"name":"wp","href":"https:\/\/api.w.org\/{rel}","templated":true}]}}